{"id":114,"date":"2018-04-27T13:06:51","date_gmt":"2018-04-27T11:06:51","guid":{"rendered":"http:\/\/experts-comptables-espagne.com\/?page_id=114"},"modified":"2018-07-23T07:39:51","modified_gmt":"2018-07-23T05:39:51","slug":"contact-et-bureaux","status":"publish","type":"page","link":"https:\/\/amedia-contables-espana.com\/fr\/contact-et-bureaux\/","title":{"rendered":"Contactez nos cabinets d\u2019Experts comptables pour un conseil personnalis\u00e9"},"content":{"rendered":"","protected":false},"excerpt":{"rendered":"","protected":false},"author":3,"featured_media":0,"parent":0,"menu_order":0,"comment_status":"closed","ping_status":"closed","template":"templates\/contact-Page.php","meta":{"advgb_blocks_editor_width":"","advgb_blocks_columns_visual_guide":"","footnotes":""},"class_list":["post-114","page","type-page","status-publish","hentry"],"yoast_head":"<!-- This site is optimized with the Yoast SEO plugin v28.2 - https:\/\/yoast.com\/product\/yoast-seo-wordpress\/ -->\n<title>Contactez notre cabinet d\u2019Experts comptables en Espagne pour un conseil personnalis\u00e9<\/title>\n<meta name=\"description\" content=\"Contactez notre cabinet pour vos besoin en fiscalit\u00e9, cr\u00e9ation d&#039;entreprise et comptabilit\u00e9 en Espagne, nos conseillers vous r\u00e9pondent rapidement\" \/>\n<meta name=\"robots\" content=\"index, follow, max-snippet:-1, max-image-preview:large, max-video-preview:-1\" \/>\n<link rel=\"canonical\" href=\"https:\/\/amedia-contables-espana.com\/fr\/contact-et-bureaux\/\" \/>\n<meta property=\"og:locale\" content=\"fr_FR\" \/>\n<meta property=\"og:type\" content=\"article\" \/>\n<meta property=\"og:title\" content=\"Contactez notre cabinet d\u2019Experts comptables en Espagne pour un conseil personnalis\u00e9\" \/>\n<meta property=\"og:description\" content=\"Contactez notre cabinet pour vos besoin en fiscalit\u00e9, cr\u00e9ation d&#039;entreprise et comptabilit\u00e9 en Espagne, nos conseillers vous r\u00e9pondent rapidement\" \/>\n<meta property=\"og:url\" content=\"https:\/\/amedia-contables-espana.com\/fr\/contact-et-bureaux\/\" \/>\n<meta property=\"og:site_name\" content=\"Amedia contables espana\" \/>\n<meta property=\"article:modified_time\" content=\"2018-07-23T05:39:51+00:00\" \/>\n<meta name=\"twitter:card\" content=\"summary_large_image\" \/>\n<script type=\"application\/ld+json\" class=\"yoast-schema-graph\">{\"@context\":\"https:\\\/\\\/schema.org\",\"@graph\":[{\"@type\":\"WebPage\",\"@id\":\"https:\\\/\\\/amedia-contables-espana.com\\\/fr\\\/contact-et-bureaux\\\/\",\"url\":\"https:\\\/\\\/amedia-contables-espana.com\\\/fr\\\/contact-et-bureaux\\\/\",\"name\":\"Contactez notre cabinet d\u2019Experts comptables en Espagne pour un conseil personnalis\u00e9\",\"isPartOf\":{\"@id\":\"https:\\\/\\\/amedia-contables-espana.com\\\/fr\\\/#website\"},\"datePublished\":\"2018-04-27T11:06:51+00:00\",\"dateModified\":\"2018-07-23T05:39:51+00:00\",\"description\":\"Contactez notre cabinet pour vos besoin en fiscalit\u00e9, cr\u00e9ation d'entreprise et comptabilit\u00e9 en Espagne, nos conseillers vous r\u00e9pondent rapidement\",\"breadcrumb\":{\"@id\":\"https:\\\/\\\/amedia-contables-espana.com\\\/fr\\\/contact-et-bureaux\\\/#breadcrumb\"},\"inLanguage\":\"fr-FR\",\"potentialAction\":[{\"@type\":\"ReadAction\",\"target\":[\"https:\\\/\\\/amedia-contables-espana.com\\\/fr\\\/contact-et-bureaux\\\/\"]}]},{\"@type\":\"BreadcrumbList\",\"@id\":\"https:\\\/\\\/amedia-contables-espana.com\\\/fr\\\/contact-et-bureaux\\\/#breadcrumb\",\"itemListElement\":[{\"@type\":\"ListItem\",\"position\":1,\"name\":\"Accueil\",\"item\":\"https:\\\/\\\/amedia-contables-espana.com\\\/fr\\\/\"},{\"@type\":\"ListItem\",\"position\":2,\"name\":\"Contactez nos cabinets d\u2019Experts comptables pour un conseil personnalis\u00e9\"}]},{\"@type\":\"WebSite\",\"@id\":\"https:\\\/\\\/amedia-contables-espana.com\\\/fr\\\/#website\",\"url\":\"https:\\\/\\\/amedia-contables-espana.com\\\/fr\\\/\",\"name\":\"Amedia contables espana\",\"description\":\"\",\"potentialAction\":[{\"@type\":\"SearchAction\",\"target\":{\"@type\":\"EntryPoint\",\"urlTemplate\":\"https:\\\/\\\/amedia-contables-espana.com\\\/fr\\\/?s={search_term_string}\"},\"query-input\":{\"@type\":\"PropertyValueSpecification\",\"valueRequired\":true,\"valueName\":\"search_term_string\"}}],\"inLanguage\":\"fr-FR\"}]}<\/script>\n<!-- \/ Yoast SEO plugin. -->","yoast_head_json":{"title":"Contactez notre cabinet d\u2019Experts comptables en Espagne pour un conseil personnalis\u00e9","description":"Contactez notre cabinet pour vos besoin en fiscalit\u00e9, cr\u00e9ation d'entreprise et comptabilit\u00e9 en Espagne, nos conseillers vous r\u00e9pondent rapidement","robots":{"index":"index","follow":"follow","max-snippet":"max-snippet:-1","max-image-preview":"max-image-preview:large","max-video-preview":"max-video-preview:-1"},"canonical":"https:\/\/amedia-contables-espana.com\/fr\/contact-et-bureaux\/","og_locale":"fr_FR","og_type":"article","og_title":"Contactez notre cabinet d\u2019Experts comptables en Espagne pour un conseil personnalis\u00e9","og_description":"Contactez notre cabinet pour vos besoin en fiscalit\u00e9, cr\u00e9ation d'entreprise et comptabilit\u00e9 en Espagne, nos conseillers vous r\u00e9pondent rapidement","og_url":"https:\/\/amedia-contables-espana.com\/fr\/contact-et-bureaux\/","og_site_name":"Amedia contables espana","article_modified_time":"2018-07-23T05:39:51+00:00","twitter_card":"summary_large_image","schema":{"@context":"https:\/\/schema.org","@graph":[{"@type":"WebPage","@id":"https:\/\/amedia-contables-espana.com\/fr\/contact-et-bureaux\/","url":"https:\/\/amedia-contables-espana.com\/fr\/contact-et-bureaux\/","name":"Contactez notre cabinet d\u2019Experts comptables en Espagne pour un conseil personnalis\u00e9","isPartOf":{"@id":"https:\/\/amedia-contables-espana.com\/fr\/#website"},"datePublished":"2018-04-27T11:06:51+00:00","dateModified":"2018-07-23T05:39:51+00:00","description":"Contactez notre cabinet pour vos besoin en fiscalit\u00e9, cr\u00e9ation d'entreprise et comptabilit\u00e9 en Espagne, nos conseillers vous r\u00e9pondent rapidement","breadcrumb":{"@id":"https:\/\/amedia-contables-espana.com\/fr\/contact-et-bureaux\/#breadcrumb"},"inLanguage":"fr-FR","potentialAction":[{"@type":"ReadAction","target":["https:\/\/amedia-contables-espana.com\/fr\/contact-et-bureaux\/"]}]},{"@type":"BreadcrumbList","@id":"https:\/\/amedia-contables-espana.com\/fr\/contact-et-bureaux\/#breadcrumb","itemListElement":[{"@type":"ListItem","position":1,"name":"Accueil","item":"https:\/\/amedia-contables-espana.com\/fr\/"},{"@type":"ListItem","position":2,"name":"Contactez nos cabinets d\u2019Experts comptables pour un conseil personnalis\u00e9"}]},{"@type":"WebSite","@id":"https:\/\/amedia-contables-espana.com\/fr\/#website","url":"https:\/\/amedia-contables-espana.com\/fr\/","name":"Amedia contables espana","description":"","potentialAction":[{"@type":"SearchAction","target":{"@type":"EntryPoint","urlTemplate":"https:\/\/amedia-contables-espana.com\/fr\/?s={search_term_string}"},"query-input":{"@type":"PropertyValueSpecification","valueRequired":true,"valueName":"search_term_string"}}],"inLanguage":"fr-FR"}]}},"coauthors":[],"author_meta":{"author_link":"https:\/\/amedia-contables-espana.com\/fr\/blog\/author\/admin-masonu\/","display_name":"Vitali"},"relative_dates":{"created":"Publi\u00e9 8 ans il y a","modified":"Mis \u00e0 jour 8 ans il y a"},"absolute_dates":{"created":"Publi\u00e9 le 27 Avril 2018","modified":"Mise \u00e0 jour le 23 Juillet 2018"},"absolute_dates_time":{"created":"Publi\u00e9 le 27 Avril 2018 13 h 06 min","modified":"Mise \u00e0 jour le 23 Juillet 2018 7 h 39 min"},"featured_img_caption":"","featured_img":false,"series_order":"","_links":{"self":[{"href":"https:\/\/amedia-contables-espana.com\/fr\/wp-json\/wp\/v2\/pages\/114","targetHints":{"allow":["GET"]}}],"collection":[{"href":"https:\/\/amedia-contables-espana.com\/fr\/wp-json\/wp\/v2\/pages"}],"about":[{"href":"https:\/\/amedia-contables-espana.com\/fr\/wp-json\/wp\/v2\/types\/page"}],"author":[{"embeddable":true,"href":"https:\/\/amedia-contables-espana.com\/fr\/wp-json\/wp\/v2\/users\/3"}],"replies":[{"embeddable":true,"href":"https:\/\/amedia-contables-espana.com\/fr\/wp-json\/wp\/v2\/comments?post=114"}],"version-history":[{"count":1,"href":"https:\/\/amedia-contables-espana.com\/fr\/wp-json\/wp\/v2\/pages\/114\/revisions"}],"predecessor-version":[{"id":115,"href":"https:\/\/amedia-contables-espana.com\/fr\/wp-json\/wp\/v2\/pages\/114\/revisions\/115"}],"wp:attachment":[{"href":"https:\/\/amedia-contables-espana.com\/fr\/wp-json\/wp\/v2\/media?parent=114"}],"curies":[{"name":"wp","href":"https:\/\/api.w.org\/{rel}","templated":true}]}}